{"id":1156,"date":"2020-01-12T13:42:24","date_gmt":"2020-01-12T12:42:24","guid":{"rendered":"http:\/\/dj-bert.de\/?post_type=tribe_events&#038;p=841"},"modified":"2020-01-18T10:18:34","modified_gmt":"2020-01-18T09:18:34","slug":"die-zweite-nubbelinenverbrennung-praesentiert-von-den-koelschen-madaemchen-3","status":"publish","type":"tribe_events","link":"https:\/\/schillers-service.de\/dj-bertbak\/event\/die-zweite-nubbelinenverbrennung-praesentiert-von-den-koelschen-madaemchen-3\/","title":{"rendered":"Die zweite Nubbelinenverbrennung pr\u00e4sentiert von den K\u00f6lschen Mad\u00e4mcher"},"content":{"rendered":"<p>Zum Abschluss der Karnevalssession 2019\/2020 wird die Nubbeline der K\u00f6lschen Mad\u00e4mcher aus dem Brauhaus getragen\u00a0 und dann auf dem Alter Markt (inkl. aller Karnevalss\u00fcnden)\u00a0 verbrannt. Termin:\u00a025. Februar 2020,\u00a0Einlass ist um 16:30 Uhr, Beginn der Veranstaltung um 18:00 Uhr. Eintrittskarten f\u00fcr 5 Euro (Stehplatz) oder 20 Euro (inkl. 15 \u20ac Essensgutschein und Sitzplatz) gibt es im Peters Brauhaus (begrenzte Kartenanzahl).<\/p>\n<p>Euer DJ Bert ist nat\u00fcrlich auch mit dabei.<\/p>\n","protected":false},"excerpt":{"rendered":"<p>Zum Abschluss der Karnevalssession 2019\/2020 wird die Nubbeline der K\u00f6lschen Mad\u00e4mcher aus dem Brauhaus getragen\u00a0 und dann auf dem Alter Markt (inkl. aller Karnevalss\u00fcnden)\u00a0 verbrannt. Termin:\u00a025. Februar 2020,\u00a0Einlass ist um [&hellip;]<\/p>\n","protected":false},"author":1,"featured_media":1128,"template":"","meta":{"_tribe_events_status":"","_tribe_events_status_reason":"","footnotes":""},"tags":[],"tribe_events_cat":[18],"class_list":["post-1156","tribe_events","type-tribe_events","status-publish","has-post-thumbnail","hentry","tribe_events_cat-partys","cat_partys"],"yoast_head":"<!-- This site is optimized with the Yoast SEO plugin v25.3 - https:\/\/yoast.com\/wordpress\/plugins\/seo\/ -->\n<title>Nubbelinenverbrennung pr\u00e4sentiert von den K\u00f6lschen Mad\u00e4mchen<\/title>\n<meta name=\"description\" content=\"Zum Abschluss der Karnevalssession 2019\/2020 wird die Nubbeline der K\u00f6lschen Mad\u00e4mcher auf dem Alter Markt verbrannt.\" \/>\n<meta name=\"robots\" content=\"index, follow, max-snippet:-1, max-image-preview:large, max-video-preview:-1\" \/>\n<link rel=\"canonical\" href=\"https:\/\/schillers-service.de\/dj-bertbak\/event\/die-zweite-nubbelinenverbrennung-praesentiert-von-den-koelschen-madaemchen-3\/\" \/>\n<meta property=\"og:locale\" content=\"de_DE\" \/>\n<meta property=\"og:type\" content=\"article\" \/>\n<meta property=\"og:title\" content=\"Nubbelinenverbrennung pr\u00e4sentiert von den K\u00f6lschen Mad\u00e4mchen\" \/>\n<meta property=\"og:description\" content=\"Zum Abschluss der Karnevalssession 2019\/2020 wird die Nubbeline der K\u00f6lschen Mad\u00e4mcher auf dem Alter Markt verbrannt.\" \/>\n<meta property=\"og:url\" content=\"https:\/\/schillers-service.de\/dj-bertbak\/event\/die-zweite-nubbelinenverbrennung-praesentiert-von-den-koelschen-madaemchen-3\/\" \/>\n<meta property=\"og:site_name\" content=\"Backup of DJ-Bert\" \/>\n<meta property=\"article:modified_time\" content=\"2020-01-18T09:18:34+00:00\" \/>\n<meta property=\"og:image\" content=\"https:\/\/schillers-service.de\/dj-bertbak\/wp-content\/uploads\/sites\/18\/2020\/01\/Slideraktionen_aktionens_nubb-1024x1024-1.jpg\" \/>\n\t<meta property=\"og:image:width\" content=\"1024\" \/>\n\t<meta property=\"og:image:height\" content=\"1024\" \/>\n\t<meta property=\"og:image:type\" content=\"image\/jpeg\" \/>\n<meta name=\"twitter:card\" content=\"summary_large_image\" \/>\n<script type=\"application\/ld+json\" class=\"yoast-schema-graph\">{\"@context\":\"https:\/\/schema.org\",\"@graph\":[{\"@type\":\"WebPage\",\"@id\":\"https:\/\/schillers-service.de\/dj-bertbak\/event\/die-zweite-nubbelinenverbrennung-praesentiert-von-den-koelschen-madaemchen-3\/\",\"url\":\"https:\/\/schillers-service.de\/dj-bertbak\/event\/die-zweite-nubbelinenverbrennung-praesentiert-von-den-koelschen-madaemchen-3\/\",\"name\":\"Nubbelinenverbrennung pr\u00e4sentiert von den K\u00f6lschen Mad\u00e4mchen\",\"isPartOf\":{\"@id\":\"https:\/\/schillers-service.de\/dj-bertbak\/#website\"},\"primaryImageOfPage\":{\"@id\":\"https:\/\/schillers-service.de\/dj-bertbak\/event\/die-zweite-nubbelinenverbrennung-praesentiert-von-den-koelschen-madaemchen-3\/#primaryimage\"},\"image\":{\"@id\":\"https:\/\/schillers-service.de\/dj-bertbak\/event\/die-zweite-nubbelinenverbrennung-praesentiert-von-den-koelschen-madaemchen-3\/#primaryimage\"},\"thumbnailUrl\":\"https:\/\/schillers-service.de\/dj-bertbak\/wp-content\/uploads\/sites\/18\/2020\/01\/Slideraktionen_aktionens_nubb-1024x1024-1.jpg\",\"datePublished\":\"2020-01-12T12:42:24+00:00\",\"dateModified\":\"2020-01-18T09:18:34+00:00\",\"description\":\"Zum Abschluss der Karnevalssession 2019\/2020 wird die Nubbeline der K\u00f6lschen Mad\u00e4mcher auf dem Alter Markt verbrannt.\",\"breadcrumb\":{\"@id\":\"https:\/\/schillers-service.de\/dj-bertbak\/event\/die-zweite-nubbelinenverbrennung-praesentiert-von-den-koelschen-madaemchen-3\/#breadcrumb\"},\"inLanguage\":\"de\",\"potentialAction\":[{\"@type\":\"ReadAction\",\"target\":[\"https:\/\/schillers-service.de\/dj-bertbak\/event\/die-zweite-nubbelinenverbrennung-praesentiert-von-den-koelschen-madaemchen-3\/\"]}]},{\"@type\":\"ImageObject\",\"inLanguage\":\"de\",\"@id\":\"https:\/\/schillers-service.de\/dj-bertbak\/event\/die-zweite-nubbelinenverbrennung-praesentiert-von-den-koelschen-madaemchen-3\/#primaryimage\",\"url\":\"https:\/\/schillers-service.de\/dj-bertbak\/wp-content\/uploads\/sites\/18\/2020\/01\/Slideraktionen_aktionens_nubb-1024x1024-1.jpg\",\"contentUrl\":\"https:\/\/schillers-service.de\/dj-bertbak\/wp-content\/uploads\/sites\/18\/2020\/01\/Slideraktionen_aktionens_nubb-1024x1024-1.jpg\",\"width\":1024,\"height\":1024},{\"@type\":\"BreadcrumbList\",\"@id\":\"https:\/\/schillers-service.de\/dj-bertbak\/event\/die-zweite-nubbelinenverbrennung-praesentiert-von-den-koelschen-madaemchen-3\/#breadcrumb\",\"itemListElement\":[{\"@type\":\"ListItem\",\"position\":1,\"name\":\"Startseite\",\"item\":\"https:\/\/schillers-service.de\/dj-bertbak\/\"},{\"@type\":\"ListItem\",\"position\":2,\"name\":\"Veranstaltungen\",\"item\":\"https:\/\/schillers-service.de\/dj-bertbak\/events\/\"},{\"@type\":\"ListItem\",\"position\":3,\"name\":\"Die zweite Nubbelinenverbrennung pr\u00e4sentiert von den K\u00f6lschen Mad\u00e4mcher\"}]},{\"@type\":\"WebSite\",\"@id\":\"https:\/\/schillers-service.de\/dj-bertbak\/#website\",\"url\":\"https:\/\/schillers-service.de\/dj-bertbak\/\",\"name\":\"Backup of DJ-Bert\",\"description\":\"Gute Laune ist mein Motto\",\"publisher\":{\"@id\":\"https:\/\/schillers-service.de\/dj-bertbak\/#\/schema\/person\/033d26dc771cdb558bce72a55588d761\"},\"potentialAction\":[{\"@type\":\"SearchAction\",\"target\":{\"@type\":\"EntryPoint\",\"urlTemplate\":\"https:\/\/schillers-service.de\/dj-bertbak\/?s={search_term_string}\"},\"query-input\":{\"@type\":\"PropertyValueSpecification\",\"valueRequired\":true,\"valueName\":\"search_term_string\"}}],\"inLanguage\":\"de\"},{\"@type\":[\"Person\",\"Organization\"],\"@id\":\"https:\/\/schillers-service.de\/dj-bertbak\/#\/schema\/person\/033d26dc771cdb558bce72a55588d761\",\"name\":\"Berthold Krips\",\"image\":{\"@type\":\"ImageObject\",\"inLanguage\":\"de\",\"@id\":\"https:\/\/schillers-service.de\/dj-bertbak\/#\/schema\/person\/image\/\",\"url\":\"https:\/\/schillers-service.de\/dj-bertbak\/wp-content\/uploads\/sites\/18\/2018\/04\/cropped-bert2-1-e1523270226374-2.jpg\",\"contentUrl\":\"https:\/\/schillers-service.de\/dj-bertbak\/wp-content\/uploads\/sites\/18\/2018\/04\/cropped-bert2-1-e1523270226374-2.jpg\",\"width\":660,\"height\":794,\"caption\":\"Berthold Krips\"},\"logo\":{\"@id\":\"https:\/\/schillers-service.de\/dj-bertbak\/#\/schema\/person\/image\/\"},\"sameAs\":[\"http:\/\/dj-bert.de\"]}]}<\/script>\n<!-- \/ Yoast SEO plugin. -->","yoast_head_json":{"title":"Nubbelinenverbrennung pr\u00e4sentiert von den K\u00f6lschen Mad\u00e4mchen","description":"Zum Abschluss der Karnevalssession 2019\/2020 wird die Nubbeline der K\u00f6lschen Mad\u00e4mcher auf dem Alter Markt verbrannt.","robots":{"index":"index","follow":"follow","max-snippet":"max-snippet:-1","max-image-preview":"max-image-preview:large","max-video-preview":"max-video-preview:-1"},"canonical":"https:\/\/schillers-service.de\/dj-bertbak\/event\/die-zweite-nubbelinenverbrennung-praesentiert-von-den-koelschen-madaemchen-3\/","og_locale":"de_DE","og_type":"article","og_title":"Nubbelinenverbrennung pr\u00e4sentiert von den K\u00f6lschen Mad\u00e4mchen","og_description":"Zum Abschluss der Karnevalssession 2019\/2020 wird die Nubbeline der K\u00f6lschen Mad\u00e4mcher auf dem Alter Markt verbrannt.","og_url":"https:\/\/schillers-service.de\/dj-bertbak\/event\/die-zweite-nubbelinenverbrennung-praesentiert-von-den-koelschen-madaemchen-3\/","og_site_name":"Backup of DJ-Bert","article_modified_time":"2020-01-18T09:18:34+00:00","og_image":[{"width":1024,"height":1024,"url":"https:\/\/schillers-service.de\/dj-bertbak\/wp-content\/uploads\/sites\/18\/2020\/01\/Slideraktionen_aktionens_nubb-1024x1024-1.jpg","type":"image\/jpeg"}],"twitter_card":"summary_large_image","schema":{"@context":"https:\/\/schema.org","@graph":[{"@type":"WebPage","@id":"https:\/\/schillers-service.de\/dj-bertbak\/event\/die-zweite-nubbelinenverbrennung-praesentiert-von-den-koelschen-madaemchen-3\/","url":"https:\/\/schillers-service.de\/dj-bertbak\/event\/die-zweite-nubbelinenverbrennung-praesentiert-von-den-koelschen-madaemchen-3\/","name":"Nubbelinenverbrennung pr\u00e4sentiert von den K\u00f6lschen Mad\u00e4mchen","isPartOf":{"@id":"https:\/\/schillers-service.de\/dj-bertbak\/#website"},"primaryImageOfPage":{"@id":"https:\/\/schillers-service.de\/dj-bertbak\/event\/die-zweite-nubbelinenverbrennung-praesentiert-von-den-koelschen-madaemchen-3\/#primaryimage"},"image":{"@id":"https:\/\/schillers-service.de\/dj-bertbak\/event\/die-zweite-nubbelinenverbrennung-praesentiert-von-den-koelschen-madaemchen-3\/#primaryimage"},"thumbnailUrl":"https:\/\/schillers-service.de\/dj-bertbak\/wp-content\/uploads\/sites\/18\/2020\/01\/Slideraktionen_aktionens_nubb-1024x1024-1.jpg","datePublished":"2020-01-12T12:42:24+00:00","dateModified":"2020-01-18T09:18:34+00:00","description":"Zum Abschluss der Karnevalssession 2019\/2020 wird die Nubbeline der K\u00f6lschen Mad\u00e4mcher auf dem Alter Markt verbrannt.","breadcrumb":{"@id":"https:\/\/schillers-service.de\/dj-bertbak\/event\/die-zweite-nubbelinenverbrennung-praesentiert-von-den-koelschen-madaemchen-3\/#breadcrumb"},"inLanguage":"de","potentialAction":[{"@type":"ReadAction","target":["https:\/\/schillers-service.de\/dj-bertbak\/event\/die-zweite-nubbelinenverbrennung-praesentiert-von-den-koelschen-madaemchen-3\/"]}]},{"@type":"ImageObject","inLanguage":"de","@id":"https:\/\/schillers-service.de\/dj-bertbak\/event\/die-zweite-nubbelinenverbrennung-praesentiert-von-den-koelschen-madaemchen-3\/#primaryimage","url":"https:\/\/schillers-service.de\/dj-bertbak\/wp-content\/uploads\/sites\/18\/2020\/01\/Slideraktionen_aktionens_nubb-1024x1024-1.jpg","contentUrl":"https:\/\/schillers-service.de\/dj-bertbak\/wp-content\/uploads\/sites\/18\/2020\/01\/Slideraktionen_aktionens_nubb-1024x1024-1.jpg","width":1024,"height":1024},{"@type":"BreadcrumbList","@id":"https:\/\/schillers-service.de\/dj-bertbak\/event\/die-zweite-nubbelinenverbrennung-praesentiert-von-den-koelschen-madaemchen-3\/#breadcrumb","itemListElement":[{"@type":"ListItem","position":1,"name":"Startseite","item":"https:\/\/schillers-service.de\/dj-bertbak\/"},{"@type":"ListItem","position":2,"name":"Veranstaltungen","item":"https:\/\/schillers-service.de\/dj-bertbak\/events\/"},{"@type":"ListItem","position":3,"name":"Die zweite Nubbelinenverbrennung pr\u00e4sentiert von den K\u00f6lschen Mad\u00e4mcher"}]},{"@type":"WebSite","@id":"https:\/\/schillers-service.de\/dj-bertbak\/#website","url":"https:\/\/schillers-service.de\/dj-bertbak\/","name":"Backup of DJ-Bert","description":"Gute Laune ist mein Motto","publisher":{"@id":"https:\/\/schillers-service.de\/dj-bertbak\/#\/schema\/person\/033d26dc771cdb558bce72a55588d761"},"potentialAction":[{"@type":"SearchAction","target":{"@type":"EntryPoint","urlTemplate":"https:\/\/schillers-service.de\/dj-bertbak\/?s={search_term_string}"},"query-input":{"@type":"PropertyValueSpecification","valueRequired":true,"valueName":"search_term_string"}}],"inLanguage":"de"},{"@type":["Person","Organization"],"@id":"https:\/\/schillers-service.de\/dj-bertbak\/#\/schema\/person\/033d26dc771cdb558bce72a55588d761","name":"Berthold Krips","image":{"@type":"ImageObject","inLanguage":"de","@id":"https:\/\/schillers-service.de\/dj-bertbak\/#\/schema\/person\/image\/","url":"https:\/\/schillers-service.de\/dj-bertbak\/wp-content\/uploads\/sites\/18\/2018\/04\/cropped-bert2-1-e1523270226374-2.jpg","contentUrl":"https:\/\/schillers-service.de\/dj-bertbak\/wp-content\/uploads\/sites\/18\/2018\/04\/cropped-bert2-1-e1523270226374-2.jpg","width":660,"height":794,"caption":"Berthold Krips"},"logo":{"@id":"https:\/\/schillers-service.de\/dj-bertbak\/#\/schema\/person\/image\/"},"sameAs":["http:\/\/dj-bert.de"]}]}},"_links":{"self":[{"href":"https:\/\/schillers-service.de\/dj-bertbak\/wp-json\/wp\/v2\/tribe_events\/1156","targetHints":{"allow":["GET"]}}],"collection":[{"href":"https:\/\/schillers-service.de\/dj-bertbak\/wp-json\/wp\/v2\/tribe_events"}],"about":[{"href":"https:\/\/schillers-service.de\/dj-bertbak\/wp-json\/wp\/v2\/types\/tribe_events"}],"author":[{"embeddable":true,"href":"https:\/\/schillers-service.de\/dj-bertbak\/wp-json\/wp\/v2\/users\/1"}],"version-history":[{"count":1,"href":"https:\/\/schillers-service.de\/dj-bertbak\/wp-json\/wp\/v2\/tribe_events\/1156\/revisions"}],"predecessor-version":[{"id":1203,"href":"https:\/\/schillers-service.de\/dj-bertbak\/wp-json\/wp\/v2\/tribe_events\/1156\/revisions\/1203"}],"wp:featuredmedia":[{"embeddable":true,"href":"https:\/\/schillers-service.de\/dj-bertbak\/wp-json\/wp\/v2\/media\/1128"}],"wp:attachment":[{"href":"https:\/\/schillers-service.de\/dj-bertbak\/wp-json\/wp\/v2\/media?parent=1156"}],"wp:term":[{"taxonomy":"post_tag","embeddable":true,"href":"https:\/\/schillers-service.de\/dj-bertbak\/wp-json\/wp\/v2\/tags?post=1156"},{"taxonomy":"tribe_events_cat","embeddable":true,"href":"https:\/\/schillers-service.de\/dj-bertbak\/wp-json\/wp\/v2\/tribe_events_cat?post=1156"}],"curies":[{"name":"wp","href":"https:\/\/api.w.org\/{rel}","templated":true}]}}